{"id":837,"date":"2017-06-07T20:01:47","date_gmt":"2017-06-07T18:01:47","guid":{"rendered":"http:\/\/slub-humanistyczny.pl\/?page_id=837"},"modified":"2023-11-10T14:56:26","modified_gmt":"2023-11-10T13:56:26","slug":"slub-humanistyczny-warszawa","status":"publish","type":"page","link":"https:\/\/slub-humanistyczny.pl\/en\/slub-humanistyczny-warszawa\/","title":{"rendered":"\u015alub humanistyczny &#8211; Warszawa"},"content":{"rendered":"<div data-elementor-type=\"wp-page\" data-elementor-id=\"837\" class=\"elementor elementor-837\" data-elementor-post-type=\"page\">\n\t\t\t\t\t\t<section class=\"elementor-section elementor-top-section elementor-element elementor-element-2ae31ff elementor-section-boxed elementor-section-height-default elementor-section-height-default\" data-id=\"2ae31ff\" data-element_type=\"section\" data-settings=\"{&quot;background_background&quot;:&quot;gradient&quot;,&quot;shape_divider_bottom&quot;:&quot;waves&quot;}\">\n\t\t\t\t\t\t\t<div class=\"elementor-background-overlay\"><\/div>\n\t\t\t\t\t\t<div class=\"elementor-shape elementor-shape-bottom\" data-negative=\"false\">\n\t\t\t<svg xmlns=\"http:\/\/www.w3.org\/2000\/svg\" viewbox=\"0 0 1000 100\" preserveaspectratio=\"none\">\n\t<path class=\"elementor-shape-fill\" d=\"M421.9,6.5c22.6-2.5,51.5,0.4,75.5,5.3c23.6,4.9,70.9,23.5,100.5,35.7c75.8,32.2,133.7,44.5,192.6,49.7\tc23.6,2.1,48.7,3.5,103.4-2.5c54.7-6,106.2-25.6,106.2-25.6V0H0v30.3c0,0,72,32.6,158.4,30.5c39.2-0.7,92.8-6.7,134-22.4\tc21.2-8.1,52.2-18.2,79.7-24.2C399.3,7.9,411.6,7.5,421.9,6.5z\"\/>\n<\/svg>\t\t<\/div>\n\t\t\t\t\t<div class=\"elementor-container elementor-column-gap-default\">\n\t\t\t\t\t<div class=\"elementor-column elementor-col-100 elementor-top-column elementor-element elementor-element-c3d1b20\" data-id=\"c3d1b20\" data-element_type=\"column\">\n\t\t\t<div class=\"elementor-widget-wrap elementor-element-populated\">\n\t\t\t\t\t\t<div class=\"elementor-element elementor-element-514cb57 elementor-widget elementor-widget-shortcode\" data-id=\"514cb57\" data-element_type=\"widget\" data-widget_type=\"shortcode.default\">\n\t\t\t\t\t\t\t<div class=\"elementor-shortcode\"><nav aria-label=\"breadcrumbs\" class=\"rank-math-breadcrumb\"><p><span class=\"last\">Home page<\/span><\/p><\/nav><\/div>\n\t\t\t\t\t\t<\/div>\n\t\t\t\t<div class=\"elementor-element elementor-element-64ef19e elementor-widget elementor-widget-heading\" data-id=\"64ef19e\" data-element_type=\"widget\" data-widget_type=\"heading.default\">\n\t\t\t\t\t<h1 class=\"elementor-heading-title elementor-size-default\">\u015alub humanistyczny - Warszawa<\/h1>\t\t\t\t<\/div>\n\t\t\t\t<div class=\"elementor-element elementor-element-ea21fbb elementor-widget elementor-widget-heading\" data-id=\"ea21fbb\" data-element_type=\"widget\" data-widget_type=\"heading.default\">\n\t\t\t\t\t<p class=\"elementor-heading-title elementor-size-default\">Tutaj dziej\u0105 si\u0119 \u015bluby humanistyczne!<\/p>\t\t\t\t<\/div>\n\t\t\t\t\t<\/div>\n\t\t<\/div>\n\t\t\t\t\t<\/div>\n\t\t<\/section>\n\t\t\t\t<section class=\"elementor-section elementor-top-section elementor-element elementor-element-d59478b elementor-section-boxed elementor-section-height-default elementor-section-height-default\" data-id=\"d59478b\" data-element_type=\"section\">\n\t\t\t\t\t\t<div class=\"elementor-container elementor-column-gap-default\">\n\t\t\t\t\t<div class=\"elementor-column elementor-col-100 elementor-top-column elementor-element elementor-element-f3b1be8\" data-id=\"f3b1be8\" data-element_type=\"column\">\n\t\t\t<div class=\"elementor-widget-wrap elementor-element-populated\">\n\t\t\t\t\t\t<div class=\"elementor-element elementor-element-8069bf4 rota elementor-widget__width-auto elementor-align-center elementor-widget elementor-widget-lottie\" data-id=\"8069bf4\" data-element_type=\"widget\" data-settings=\"{&quot;source_json&quot;:{&quot;url&quot;:&quot;https:\\\/\\\/slub-humanistyczny.pl\\\/wp-content\\\/uploads\\\/2020\\\/11\\\/liscie-na-galazce.json&quot;,&quot;id&quot;:1829,&quot;size&quot;:&quot;&quot;},&quot;end_point&quot;:{&quot;unit&quot;:&quot;%&quot;,&quot;size&quot;:30,&quot;sizes&quot;:[]},&quot;viewport&quot;:{&quot;unit&quot;:&quot;%&quot;,&quot;size&quot;:&quot;&quot;,&quot;sizes&quot;:{&quot;start&quot;:25,&quot;end&quot;:100}},&quot;play_speed&quot;:{&quot;unit&quot;:&quot;px&quot;,&quot;size&quot;:0.4,&quot;sizes&quot;:[]},&quot;source&quot;:&quot;media_file&quot;,&quot;caption_source&quot;:&quot;none&quot;,&quot;link_to&quot;:&quot;none&quot;,&quot;trigger&quot;:&quot;arriving_to_viewport&quot;,&quot;start_point&quot;:{&quot;unit&quot;:&quot;%&quot;,&quot;size&quot;:0,&quot;sizes&quot;:[]},&quot;renderer&quot;:&quot;svg&quot;}\" data-widget_type=\"lottie.default\">\n\t\t\t\t\t<div class=\"e-lottie__container\"><div class=\"e-lottie__animation\"><\/div><\/div>\t\t\t\t<\/div>\n\t\t\t\t<div class=\"elementor-element elementor-element-bbf0b99 elementor-widget elementor-widget-heading\" data-id=\"bbf0b99\" data-element_type=\"widget\" data-widget_type=\"heading.default\">\n\t\t\t\t\t<h2 class=\"elementor-heading-title elementor-size-default\">\u015aLUB HUMANISTYCZNY w stolicy Polski  - Warszawa<\/h2>\t\t\t\t<\/div>\n\t\t\t\t<section class=\"elementor-section elementor-inner-section elementor-element elementor-element-0af2e86 elementor-section-boxed elementor-section-height-default elementor-section-height-default\" data-id=\"0af2e86\" data-element_type=\"section\">\n\t\t\t\t\t\t<div class=\"elementor-container elementor-column-gap-default\">\n\t\t\t\t\t<div class=\"elementor-column elementor-col-50 elementor-inner-column elementor-element elementor-element-ceba7af elementor-invisible\" data-id=\"ceba7af\" data-element_type=\"column\" data-settings=\"{&quot;background_background&quot;:&quot;classic&quot;,&quot;animation&quot;:&quot;fadeInLeft&quot;,&quot;animation_tablet&quot;:&quot;none&quot;}\">\n\t\t\t<div class=\"elementor-widget-wrap elementor-element-populated\">\n\t\t\t\t\t<div class=\"elementor-background-overlay\"><\/div>\n\t\t\t\t\t\t<div class=\"elementor-element elementor-element-09ac9d9 elementor-invisible elementor-widget elementor-widget-image\" data-id=\"09ac9d9\" data-element_type=\"widget\" data-settings=\"{&quot;_animation&quot;:&quot;fadeInUp&quot;,&quot;_animation_delay&quot;:700,&quot;_animation_tablet&quot;:&quot;none&quot;}\" data-widget_type=\"image.default\">\n\t\t\t\t\t\t\t\t\t\t\t\t<figure class=\"wp-caption\">\n\t\t\t\t\t\t\t\t\t\t<img fetchpriority=\"high\" decoding=\"async\" width=\"800\" height=\"533\" src=\"https:\/\/slub-humanistyczny.pl\/wp-content\/uploads\/2023\/11\/2022-07-16-20.14.15-1024x682.jpg\" class=\"attachment-large size-large wp-image-6886\" alt=\"\u015alub humanistyczny - Warszawa\" srcset=\"https:\/\/slub-humanistyczny.pl\/wp-content\/uploads\/2023\/11\/2022-07-16-20.14.15-1024x682.jpg 1024w, https:\/\/slub-humanistyczny.pl\/wp-content\/uploads\/2023\/11\/2022-07-16-20.14.15-300x200.jpg 300w, https:\/\/slub-humanistyczny.pl\/wp-content\/uploads\/2023\/11\/2022-07-16-20.14.15-768x512.jpg 768w, https:\/\/slub-humanistyczny.pl\/wp-content\/uploads\/2023\/11\/2022-07-16-20.14.15-1536x1023.jpg 1536w, https:\/\/slub-humanistyczny.pl\/wp-content\/uploads\/2023\/11\/2022-07-16-20.14.15-18x12.jpg 18w, https:\/\/slub-humanistyczny.pl\/wp-content\/uploads\/2023\/11\/2022-07-16-20.14.15.jpg 1600w\" sizes=\"(max-width: 800px) 100vw, 800px\" title=\"\">\t\t\t\t\t\t\t\t\t\t\t<figcaption class=\"widget-image-caption wp-caption-text\">fot. Marta Wi\u0119cek<\/figcaption>\n\t\t\t\t\t\t\t\t\t\t<\/figure>\n\t\t\t\t\t\t\t\t\t<\/div>\n\t\t\t\t\t<\/div>\n\t\t<\/div>\n\t\t\t\t<div class=\"elementor-column elementor-col-50 elementor-inner-column elementor-element elementor-element-95b4b2a\" data-id=\"95b4b2a\" data-element_type=\"column\">\n\t\t\t<div class=\"elementor-widget-wrap elementor-element-populated\">\n\t\t\t\t\t\t<div class=\"elementor-element elementor-element-6b30a9e elementor-widget elementor-widget-image\" data-id=\"6b30a9e\" data-element_type=\"widget\" data-widget_type=\"image.default\">\n\t\t\t\t\t\t\t\t\t\t\t\t\t\t\t<img decoding=\"async\" width=\"143\" height=\"240\" src=\"https:\/\/slub-humanistyczny.pl\/wp-content\/uploads\/2020\/11\/warszawa.png\" class=\"attachment-full size-full wp-image-4226\" alt=\"|\" srcset=\"https:\/\/slub-humanistyczny.pl\/wp-content\/uploads\/2020\/11\/warszawa.png 143w, https:\/\/slub-humanistyczny.pl\/wp-content\/uploads\/2020\/11\/warszawa-7x12.png 7w\" sizes=\"(max-width: 143px) 100vw, 143px\" title=\"\">\t\t\t\t\t\t\t\t\t\t\t\t\t\t\t<\/div>\n\t\t\t\t<div class=\"elementor-element elementor-element-4c458b6 elementor-widget elementor-widget-heading\" data-id=\"4c458b6\" data-element_type=\"widget\" data-widget_type=\"heading.default\">\n\t\t\t\t\t<h3 class=\"elementor-heading-title elementor-size-default\">Jeste\u015bmy dla was dost\u0119pni  na mazowszu<\/h3>\t\t\t\t<\/div>\n\t\t\t\t<div class=\"elementor-element elementor-element-8c832f5 elementor-widget elementor-widget-text-editor\" data-id=\"8c832f5\" data-element_type=\"widget\" data-widget_type=\"text-editor.default\">\n\t\t\t\t\t\t\t\t\t<p>Mistrzowie ceremonii zwi\u0105zani z firm\u0105 \u015alub Humanistyczny Joanny Humerczyk dzia\u0142aj\u0105 na terenie ca\u0142ej Polski. Zainteresowanie tego rodzaju ceremoniami \u015blubnymi jest du\u017ce mi\u0119dzy innymi w Warszawie. Dlatego w\u0142a\u015bnie oferujemy naszym Parom mo\u017cliwo\u015b\u0107 przeprowadzenia ich wymarzonej uroczysto\u015bci na terenie stolicy i okolic, gdzie mamy ju\u017c wielu do\u015bwiadczonych celebrant\u00f3w.<\/p><p>Zach\u0119camy do wsp\u00f3\u0142pracy wszystkie Pary, kt\u00f3re chc\u0105 z nami prze\u017cy\u0107 sw\u00f3j \u015blub humanistyczny \u2013 zawsze oferujemy mo\u017cliwo\u015b\u0107 zdalnego przygotowania scenariusza i dojazdu w dzie\u0144 ceremonii. Tak wsp\u00f3\u0142pracujemy r\u00f3wnie\u017c z Parami mi\u0119dzynarodowymi \u2013 oko\u0142o po\u0142owa naszych \u015blub\u00f3w w Warszawie jest polsko-brytyjska.<\/p>\t\t\t\t\t\t\t\t<\/div>\n\t\t\t\t\t<\/div>\n\t\t<\/div>\n\t\t\t\t\t<\/div>\n\t\t<\/section>\n\t\t\t\t<section class=\"elementor-section elementor-inner-section elementor-element elementor-element-c8e34c1 elementor-section-boxed elementor-section-height-default elementor-section-height-default\" data-id=\"c8e34c1\" data-element_type=\"section\" data-settings=\"{&quot;background_background&quot;:&quot;classic&quot;}\">\n\t\t\t\t\t\t\t<div class=\"elementor-background-overlay\"><\/div>\n\t\t\t\t\t\t\t<div class=\"elementor-container elementor-column-gap-no\">\n\t\t\t\t\t<div class=\"elementor-column elementor-col-100 elementor-inner-column elementor-element elementor-element-9bb82fb\" data-id=\"9bb82fb\" data-element_type=\"column\" data-settings=\"{&quot;background_background&quot;:&quot;classic&quot;}\">\n\t\t\t<div class=\"elementor-widget-wrap elementor-element-populated\">\n\t\t\t\t\t\t<div class=\"elementor-element elementor-element-60d6606 elementor-view-default elementor-widget elementor-widget-icon\" data-id=\"60d6606\" data-element_type=\"widget\" data-widget_type=\"icon.default\">\n\t\t\t\t\t\t\t<div class=\"elementor-icon-wrapper\">\n\t\t\t<div class=\"elementor-icon\">\n\t\t\t<svg aria-hidden=\"true\" class=\"e-font-icon-svg e-fas-question-circle\" viewbox=\"0 0 512 512\" xmlns=\"http:\/\/www.w3.org\/2000\/svg\"><path d=\"M504 256c0 136.997-111.043 248-248 248S8 392.997 8 256C8 119.083 119.043 8 256 8s248 111.083 248 248zM262.655 90c-54.497 0-89.255 22.957-116.549 63.758-3.536 5.286-2.353 12.415 2.715 16.258l34.699 26.31c5.205 3.947 12.621 3.008 16.665-2.122 17.864-22.658 30.113-35.797 57.303-35.797 20.429 0 45.698 13.148 45.698 32.958 0 14.976-12.363 22.667-32.534 33.976C247.128 238.528 216 254.941 216 296v4c0 6.627 5.373 12 12 12h56c6.627 0 12-5.373 12-12v-1.333c0-28.462 83.186-29.647 83.186-106.667 0-58.002-60.165-102-116.531-102zM256 338c-25.365 0-46 20.635-46 46 0 25.364 20.635 46 46 46s46-20.636 46-46c0-25.365-20.635-46-46-46z\"><\/path><\/svg>\t\t\t<\/div>\n\t\t<\/div>\n\t\t\t\t\t\t<\/div>\n\t\t\t\t<div class=\"elementor-element elementor-element-6acb672 elementor-widget elementor-widget-heading\" data-id=\"6acb672\" data-element_type=\"widget\" data-widget_type=\"heading.default\">\n\t\t\t\t\t<h2 class=\"elementor-heading-title elementor-size-default\">Pi\u0119kne miejsca na \u015blub humanistyczny - Warszawa i okolice<\/h2>\t\t\t\t<\/div>\n\t\t\t\t<div class=\"elementor-element elementor-element-d7cac5b elementor-widget elementor-widget-heading\" data-id=\"d7cac5b\" data-element_type=\"widget\" data-widget_type=\"heading.default\">\n\t\t\t\t\t<span class=\"elementor-heading-title elementor-size-default\">Jakie lokalizacje polecamy?<\/span>\t\t\t\t<\/div>\n\t\t\t\t<div class=\"elementor-element elementor-element-12ffbd5 elementor-widget elementor-widget-text-editor\" data-id=\"12ffbd5\" data-element_type=\"widget\" data-widget_type=\"text-editor.default\">\n\t\t\t\t\t\t\t\t\t<p>Prowadz\u0105c \u015bluby humanistyczne w Warszawie i okolicach, odwiedzili\u015bmy ju\u017c sporo miejsc i wiele z nich mo\u017cemy szczerze poleci\u0107 \u2013 na przyk\u0142ad Stodo\u0142\u0119 Wszystkich \u015awi\u0119tych zwan\u0105 Oczyszczalni\u0105, Osad\u0119 M\u0142y\u0144sk\u0105, Wierzbowe Ranczo, Restauracj\u0119 Belvedere czy Will\u0119 Foksal. Pi\u0119kne wn\u0119trza, plenery przy tych salach i restauracjach to doskona\u0142e miejsca na estetyczne oraz klimatyczne ceremonie.<\/p>\t\t\t\t\t\t\t\t<\/div>\n\t\t\t\t\t<\/div>\n\t\t<\/div>\n\t\t\t\t\t<\/div>\n\t\t<\/section>\n\t\t\t\t<section class=\"elementor-section elementor-inner-section elementor-element elementor-element-2d2d35d elementor-section-boxed elementor-section-height-default elementor-section-height-default\" data-id=\"2d2d35d\" data-element_type=\"section\" data-settings=\"{&quot;background_background&quot;:&quot;classic&quot;}\">\n\t\t\t\t\t\t\t<div class=\"elementor-background-overlay\"><\/div>\n\t\t\t\t\t\t\t<div class=\"elementor-container elementor-column-gap-no\">\n\t\t\t\t\t<div class=\"elementor-column elementor-col-100 elementor-inner-column elementor-element elementor-element-0191047\" data-id=\"0191047\" data-element_type=\"column\" data-settings=\"{&quot;background_background&quot;:&quot;classic&quot;}\">\n\t\t\t<div class=\"elementor-widget-wrap elementor-element-populated\">\n\t\t\t\t\t\t<div class=\"elementor-element elementor-element-db375a9 elementor-widget elementor-widget-heading\" data-id=\"db375a9\" data-element_type=\"widget\" data-widget_type=\"heading.default\">\n\t\t\t\t\t<h2 class=\"elementor-heading-title elementor-size-default\">Dlaczego warto wybra\u0107 t\u0119 form\u0119 ceremonii?<\/h2>\t\t\t\t<\/div>\n\t\t\t\t<div class=\"elementor-element elementor-element-0598029 elementor-widget elementor-widget-heading\" data-id=\"0598029\" data-element_type=\"widget\" data-widget_type=\"heading.default\">\n\t\t\t\t\t<span class=\"elementor-heading-title elementor-size-default\">Wolno\u015b\u0107 wyboru<\/span>\t\t\t\t<\/div>\n\t\t\t\t<div class=\"elementor-element elementor-element-5265cb1 elementor-widget elementor-widget-text-editor\" data-id=\"5265cb1\" data-element_type=\"widget\" data-widget_type=\"text-editor.default\">\n\t\t\t\t\t\t\t\t\t<p>Mo\u017cliwo\u015b\u0107 prze\u017cycia Wielkiego Dnia dok\u0142adnie w taki spos\u00f3b, jaki sobie wymarzymy \u2013 to zalety, jakie posiada \u015blub humanistyczny. Warszawa jest miastem otwartym na nowe rozwi\u0105zania, dlatego M\u0142ode Pary ze stolicy coraz cz\u0119\u015bciej wybieraj\u0105 prowadzone przez nas ceremonie.<\/p><p>\u015alub humanistyczny nie posiada mocy prawnej (narzeczeni zazwyczaj zawieraj\u0105 wcze\u015bniej \u015blub w USC jako formalno\u015b\u0107, tylko ze \u015bwiadkami), jednak daje szans\u0119 na zrealizowanie swojej wizji i wielkie emocje. Mistrz ceremonii wyg\u0142asza wybrane teksty, wiersze (kt\u00f3re wcze\u015bniej wsp\u00f3lnie uzgadniamy), m\u00f3wi te\u017c kilka s\u0142\u00f3w o Parze i historii jej mi\u0142o\u015bci \u2013 co wzbudza zarazem wzruszenie i rozbawienie Go\u015bci.<\/p>\t\t\t\t\t\t\t\t<\/div>\n\t\t\t\t\t<\/div>\n\t\t<\/div>\n\t\t\t\t\t<\/div>\n\t\t<\/section>\n\t\t\t\t<section class=\"elementor-section elementor-inner-section elementor-element elementor-element-ef3c6d8 elementor-section-boxed elementor-section-height-default elementor-section-height-default\" data-id=\"ef3c6d8\" data-element_type=\"section\" data-settings=\"{&quot;background_background&quot;:&quot;classic&quot;}\">\n\t\t\t\t\t\t\t<div class=\"elementor-background-overlay\"><\/div>\n\t\t\t\t\t\t\t<div class=\"elementor-container elementor-column-gap-no\">\n\t\t\t\t\t<div class=\"elementor-column elementor-col-100 elementor-inner-column elementor-element elementor-element-f4812b7\" data-id=\"f4812b7\" data-element_type=\"column\" data-settings=\"{&quot;background_background&quot;:&quot;classic&quot;}\">\n\t\t\t<div class=\"elementor-widget-wrap elementor-element-populated\">\n\t\t\t\t\t\t<div class=\"elementor-element elementor-element-6b4cfb9 elementor-widget elementor-widget-heading\" data-id=\"6b4cfb9\" data-element_type=\"widget\" data-widget_type=\"heading.default\">\n\t\t\t\t\t<h2 class=\"elementor-heading-title elementor-size-default\">\u015alub humanistyczny - Warszawa<\/h2>\t\t\t\t<\/div>\n\t\t\t\t<div class=\"elementor-element elementor-element-2ce2d82 elementor-widget elementor-widget-heading\" data-id=\"2ce2d82\" data-element_type=\"widget\" data-widget_type=\"heading.default\">\n\t\t\t\t\t<span class=\"elementor-heading-title elementor-size-default\">Magiczne ceremonie w stolicy<\/span>\t\t\t\t<\/div>\n\t\t\t\t<div class=\"elementor-element elementor-element-37b97ce elementor-widget elementor-widget-text-editor\" data-id=\"37b97ce\" data-element_type=\"widget\" data-widget_type=\"text-editor.default\">\n\t\t\t\t\t\t\t\t\t<p><span style=\"font-weight: 400;\">\u015alub humanistyczny to wyj\u0105tkowy moment w \u017cyciu ka\u017cdej Pary, kt\u00f3ry pozwala na celebrowanie mi\u0142o\u015bci i zwi\u0105zku w spos\u00f3b spersonalizowany oraz zgodny z warto\u015bciami narzeczonych. Warszawa, jako kulturalne serce Polski, stanowi doskona\u0142e miejsce do organizacji takiej ceremonii. Mo\u017cecie wybiera\u0107 spo\u015br\u00f3d wielu nietuzinkowych miejsc, by zorganizowa\u0107 sw\u00f3j \u015blub humanistyczny. Warszawa oferuje niezliczone mo\u017cliwo\u015bci w r\u00f3\u017cnorodnych lokalizacjach.\u00a0<\/span><\/p><p><span style=\"font-weight: 400;\">Wielbiciele klasycznego uroku mog\u0105 wybra\u0107 si\u0119 do przepi\u0119knych pa\u0142ac\u00f3w i dwork\u00f3w, kt\u00f3re zapewni\u0105 odpowiedni\u0105 aur\u0119 oraz romantyczny klimat. Dla os\u00f3b pragn\u0105cych bardziej nowoczesnych rozwi\u0105za\u0144, stolica oferuje luksusowe hotele, ekskluzywne restauracje, gdzie ceremonia mo\u017ce nabra\u0107 wyj\u0105tkowego charakteru. <\/span><\/p>\t\t\t\t\t\t\t\t<\/div>\n\t\t\t\t\t<\/div>\n\t\t<\/div>\n\t\t\t\t\t<\/div>\n\t\t<\/section>\n\t\t\t\t\t<\/div>\n\t\t<\/div>\n\t\t\t\t\t<\/div>\n\t\t<\/section>\n\t\t\t\t<section class=\"elementor-section elementor-top-section elementor-element elementor-element-41784d5 elementor-section-boxed elementor-section-height-default elementor-section-height-default\" data-id=\"41784d5\" data-element_type=\"section\">\n\t\t\t\t\t\t<div class=\"elementor-container elementor-column-gap-default\">\n\t\t\t\t\t<div class=\"elementor-column elementor-col-33 elementor-top-column elementor-element elementor-element-1bd45e8\" data-id=\"1bd45e8\" data-element_type=\"column\">\n\t\t\t<div class=\"elementor-widget-wrap elementor-element-populated\">\n\t\t\t\t\t\t<div class=\"elementor-element elementor-element-06fdab1 elementor-widget elementor-widget-image\" data-id=\"06fdab1\" data-element_type=\"widget\" data-widget_type=\"image.default\">\n\t\t\t\t\t\t\t\t\t\t\t\t\t\t\t<img decoding=\"async\" width=\"800\" height=\"533\" src=\"https:\/\/slub-humanistyczny.pl\/wp-content\/uploads\/2023\/11\/2022-07-16-20.15.33-3-1024x682.jpg\" class=\"attachment-large size-large wp-image-6885\" alt=\"\u015alub humanistyczny - Warszawa Para\" srcset=\"https:\/\/slub-humanistyczny.pl\/wp-content\/uploads\/2023\/11\/2022-07-16-20.15.33-3-1024x682.jpg 1024w, https:\/\/slub-humanistyczny.pl\/wp-content\/uploads\/2023\/11\/2022-07-16-20.15.33-3-300x200.jpg 300w, https:\/\/slub-humanistyczny.pl\/wp-content\/uploads\/2023\/11\/2022-07-16-20.15.33-3-768x512.jpg 768w, https:\/\/slub-humanistyczny.pl\/wp-content\/uploads\/2023\/11\/2022-07-16-20.15.33-3-1536x1023.jpg 1536w, https:\/\/slub-humanistyczny.pl\/wp-content\/uploads\/2023\/11\/2022-07-16-20.15.33-3-18x12.jpg 18w, https:\/\/slub-humanistyczny.pl\/wp-content\/uploads\/2023\/11\/2022-07-16-20.15.33-3.jpg 1600w\" sizes=\"(max-width: 800px) 100vw, 800px\" title=\"\">\t\t\t\t\t\t\t\t\t\t\t\t\t\t\t<\/div>\n\t\t\t\t\t<\/div>\n\t\t<\/div>\n\t\t\t\t<div class=\"elementor-column elementor-col-33 elementor-top-column elementor-element elementor-element-ee6cad7\" data-id=\"ee6cad7\" data-element_type=\"column\">\n\t\t\t<div class=\"elementor-widget-wrap elementor-element-populated\">\n\t\t\t\t\t\t<div class=\"elementor-element elementor-element-93ea60f elementor-widget elementor-widget-image\" data-id=\"93ea60f\" data-element_type=\"widget\" data-widget_type=\"image.default\">\n\t\t\t\t\t\t\t\t\t\t\t\t\t\t\t<img loading=\"lazy\" decoding=\"async\" width=\"800\" height=\"533\" src=\"https:\/\/slub-humanistyczny.pl\/wp-content\/uploads\/2023\/11\/2022-07-16-20.18.16-1-1024x682.jpg\" class=\"attachment-large size-large wp-image-6884\" alt=\"Obr\u0105czki - \u015blub humanistyczny Warszawa\" srcset=\"https:\/\/slub-humanistyczny.pl\/wp-content\/uploads\/2023\/11\/2022-07-16-20.18.16-1-1024x682.jpg 1024w, https:\/\/slub-humanistyczny.pl\/wp-content\/uploads\/2023\/11\/2022-07-16-20.18.16-1-300x200.jpg 300w, https:\/\/slub-humanistyczny.pl\/wp-content\/uploads\/2023\/11\/2022-07-16-20.18.16-1-768x512.jpg 768w, https:\/\/slub-humanistyczny.pl\/wp-content\/uploads\/2023\/11\/2022-07-16-20.18.16-1-1536x1023.jpg 1536w, https:\/\/slub-humanistyczny.pl\/wp-content\/uploads\/2023\/11\/2022-07-16-20.18.16-1-18x12.jpg 18w, https:\/\/slub-humanistyczny.pl\/wp-content\/uploads\/2023\/11\/2022-07-16-20.18.16-1.jpg 1600w\" sizes=\"(max-width: 800px) 100vw, 800px\" title=\"\">\t\t\t\t\t\t\t\t\t\t\t\t\t\t\t<\/div>\n\t\t\t\t\t<\/div>\n\t\t<\/div>\n\t\t\t\t<div class=\"elementor-column elementor-col-33 elementor-top-column elementor-element elementor-element-dd454c1\" data-id=\"dd454c1\" data-element_type=\"column\">\n\t\t\t<div class=\"elementor-widget-wrap elementor-element-populated\">\n\t\t\t\t\t\t<div class=\"elementor-element elementor-element-55c24d8 elementor-widget elementor-widget-image\" data-id=\"55c24d8\" data-element_type=\"widget\" data-widget_type=\"image.default\">\n\t\t\t\t\t\t\t\t\t\t\t\t\t\t\t<img loading=\"lazy\" decoding=\"async\" width=\"800\" height=\"533\" src=\"https:\/\/slub-humanistyczny.pl\/wp-content\/uploads\/2023\/11\/2022-07-16-20.21.00-1024x682.jpg\" class=\"attachment-large size-large wp-image-6883\" alt=\"Podpisy - \u015blub humanistyczny Warszwa\" srcset=\"https:\/\/slub-humanistyczny.pl\/wp-content\/uploads\/2023\/11\/2022-07-16-20.21.00-1024x682.jpg 1024w, https:\/\/slub-humanistyczny.pl\/wp-content\/uploads\/2023\/11\/2022-07-16-20.21.00-300x200.jpg 300w, https:\/\/slub-humanistyczny.pl\/wp-content\/uploads\/2023\/11\/2022-07-16-20.21.00-768x512.jpg 768w, https:\/\/slub-humanistyczny.pl\/wp-content\/uploads\/2023\/11\/2022-07-16-20.21.00-1536x1023.jpg 1536w, https:\/\/slub-humanistyczny.pl\/wp-content\/uploads\/2023\/11\/2022-07-16-20.21.00-18x12.jpg 18w, https:\/\/slub-humanistyczny.pl\/wp-content\/uploads\/2023\/11\/2022-07-16-20.21.00.jpg 1600w\" sizes=\"(max-width: 800px) 100vw, 800px\" title=\"\">\t\t\t\t\t\t\t\t\t\t\t\t\t\t\t<\/div>\n\t\t\t\t\t<\/div>\n\t\t<\/div>\n\t\t\t\t\t<\/div>\n\t\t<\/section>\n\t\t\t\t<section class=\"elementor-section elementor-top-section elementor-element elementor-element-49c1600 elementor-section-boxed elementor-section-height-default elementor-section-height-default\" data-id=\"49c1600\" data-element_type=\"section\">\n\t\t\t\t\t\t<div class=\"elementor-container elementor-column-gap-default\">\n\t\t\t\t\t<div class=\"elementor-column elementor-col-100 elementor-top-column elementor-element elementor-element-d0cf950\" data-id=\"d0cf950\" data-element_type=\"column\">\n\t\t\t<div class=\"elementor-widget-wrap elementor-element-populated\">\n\t\t\t\t\t\t<section class=\"elementor-section elementor-inner-section elementor-element elementor-element-149633a elementor-section-boxed elementor-section-height-default elementor-section-height-default\" data-id=\"149633a\" data-element_type=\"section\" data-settings=\"{&quot;background_background&quot;:&quot;classic&quot;}\">\n\t\t\t\t\t\t\t<div class=\"elementor-background-overlay\"><\/div>\n\t\t\t\t\t\t\t<div class=\"elementor-container elementor-column-gap-no\">\n\t\t\t\t\t<div class=\"elementor-column elementor-col-100 elementor-inner-column elementor-element elementor-element-7e60a65\" data-id=\"7e60a65\" data-element_type=\"column\" data-settings=\"{&quot;background_background&quot;:&quot;classic&quot;}\">\n\t\t\t<div class=\"elementor-widget-wrap elementor-element-populated\">\n\t\t\t\t\t\t<div class=\"elementor-element elementor-element-3e02e4a elementor-widget elementor-widget-heading\" data-id=\"3e02e4a\" data-element_type=\"widget\" data-widget_type=\"heading.default\">\n\t\t\t\t\t<h2 class=\"elementor-heading-title elementor-size-default\">Przeszkoleni celebranci w Warszawie. \u015alub humanistyczny - mazowieckie \n<\/h2>\t\t\t\t<\/div>\n\t\t\t\t<div class=\"elementor-element elementor-element-0731293 elementor-widget elementor-widget-text-editor\" data-id=\"0731293\" data-element_type=\"widget\" data-widget_type=\"text-editor.default\">\n\t\t\t\t\t\t\t\t\t<p><span style=\"font-weight: 400;\">Je\u015bli zdecydujecie si\u0119 na \u015blub humanistyczny w Warszawie mo\u017cemy zapewni\u0107 Wam wykwalifikowanych i do\u015bwiadczonych celebrant\u00f3w z naszej firmy, kt\u00f3rzy ch\u0119tnie poprowadz\u0105 Wasz\u0105 ceremoni\u0119. Dzi\u0119ki temu Wasz \u015blub b\u0119dzie naprawd\u0119 wyj\u0105tkowy. Nasi mistrzowie ceremonii zadbaj\u0105 o ka\u017cdy detal. Wcze\u015bniej jednak przygotujemy wsp\u00f3lnie scenariusz, w kt\u00f3rym znale\u017a\u0107 si\u0119 mo\u017ce historia Waszego poznania, Wasze ulubione fragmenty prozy lub poezji czy \u015blubne rytua\u0142y. <\/span><\/p><h2><span style=\"font-weight: 400;\">\u015alub humanistyczny &#8211; Warszawa i okolice\u00a0<\/span><\/h2><p><span style=\"font-weight: 400;\">\u015alub humanistyczny w Warszawie to wyj\u0105tkowe i magiczne do\u015bwiadczenie, kt\u00f3re daje Parom mo\u017cliwo\u015b\u0107 celebrowania mi\u0142o\u015bci w spos\u00f3b autentyczny i spersonalizowany. Dzi\u0119ki wykwalifikowanym celebrantom i spersonalizowanym rytua\u0142om, \u015blub w Warszawie staje si\u0119 niezapomnianym momentem, kt\u00f3ry pozostaje w sercach nowo\u017ce\u0144c\u00f3w na zawsze.\u00a0<\/span><\/p><p><span style=\"font-weight: 400;\">My ju\u017c czekamy na Wasz \u015blub humanistyczny w Warszawie!<\/span><\/p><p>See also:\u00a0<\/p><ul><li><a href=\"https:\/\/slub-humanistyczny.pl\/slub-symboliczny\/\">\u015alub symboliczny<\/a><\/li><li><a href=\"https:\/\/slub-humanistyczny.pl\/co-to-jest-slub-humanistyczny\/\">Co to jest \u015blub humanistyczny?<\/a><\/li><\/ul>\t\t\t\t\t\t\t\t<\/div>\n\t\t\t\t\t<\/div>\n\t\t<\/div>\n\t\t\t\t\t<\/div>\n\t\t<\/section>\n\t\t\t\t\t<\/div>\n\t\t<\/div>\n\t\t\t\t\t<\/div>\n\t\t<\/section>\n\t\t\t\t<\/div>","protected":false},"excerpt":{"rendered":"<p>\u015alub humanistyczny &#8211; Warszawa Tutaj dziej\u0105 si\u0119 \u015bluby humanistyczne! \u015aLUB HUMANISTYCZNY w stolicy Polski &#8211; Warszawa fot. Marta Wi\u0119cek Jeste\u015bmy dla was dost\u0119pni na mazowszu Mistrzowie ceremonii zwi\u0105zani z firm\u0105 \u015alub Humanistyczny Joanny Humerczyk dzia\u0142aj\u0105 na terenie ca\u0142ej Polski. Zainteresowanie tego rodzaju ceremoniami \u015blubnymi jest du\u017ce mi\u0119dzy innymi w Warszawie. Dlatego w\u0142a\u015bnie oferujemy naszym Parom [&hellip;]<\/p>","protected":false},"author":3,"featured_media":6886,"parent":0,"menu_order":0,"comment_status":"closed","ping_status":"closed","template":"","meta":{"footnotes":"","_links_to":"","_links_to_target":""},"class_list":["post-837","page","type-page","status-publish","has-post-thumbnail","hentry"],"_links":{"self":[{"href":"https:\/\/slub-humanistyczny.pl\/en\/wp-json\/wp\/v2\/pages\/837","targetHints":{"allow":["GET"]}}],"collection":[{"href":"https:\/\/slub-humanistyczny.pl\/en\/wp-json\/wp\/v2\/pages"}],"about":[{"href":"https:\/\/slub-humanistyczny.pl\/en\/wp-json\/wp\/v2\/types\/page"}],"author":[{"embeddable":true,"href":"https:\/\/slub-humanistyczny.pl\/en\/wp-json\/wp\/v2\/users\/3"}],"replies":[{"embeddable":true,"href":"https:\/\/slub-humanistyczny.pl\/en\/wp-json\/wp\/v2\/comments?post=837"}],"version-history":[{"count":0,"href":"https:\/\/slub-humanistyczny.pl\/en\/wp-json\/wp\/v2\/pages\/837\/revisions"}],"wp:featuredmedia":[{"embeddable":true,"href":"https:\/\/slub-humanistyczny.pl\/en\/wp-json\/wp\/v2\/media\/6886"}],"wp:attachment":[{"href":"https:\/\/slub-humanistyczny.pl\/en\/wp-json\/wp\/v2\/media?parent=837"}],"curies":[{"name":"wp","href":"https:\/\/api.w.org\/{rel}","templated":true}]}}